{"id":2,"date":"2014-05-01T08:59:16","date_gmt":"2014-05-01T08:59:16","guid":{"rendered":"http:\/\/papp-tanz.org\/?page_id=2"},"modified":"2019-09-19T21:14:05","modified_gmt":"2019-09-19T19:14:05","slug":"beispiel-seite","status":"publish","type":"page","link":"https:\/\/www.papp-tanz.at\/?page_id=2","title":{"rendered":"Lebenslauf Annemarie Papp"},"content":{"rendered":"<p>in Wien geboren<a href=\"http:\/\/www.papp-tanz.at\/wp-content\/uploads\/2014\/05\/Annemarie1_2.png\"><img loading=\"lazy\" decoding=\"async\" class=\"alignright wp-image-32\" src=\"http:\/\/www.papp-tanz.at\/wp-content\/uploads\/2014\/05\/Annemarie1_2.png\" alt=\"Annemarie Papp\" width=\"261\" height=\"372\" srcset=\"https:\/\/www.papp-tanz.at\/wp-content\/uploads\/2014\/05\/Annemarie1_2.png 600w, https:\/\/www.papp-tanz.at\/wp-content\/uploads\/2014\/05\/Annemarie1_2-211x300.png 211w\" sizes=\"auto, (max-width: 261px) 100vw, 261px\" \/><\/a><br \/>\nT\u00e4nzerin, Tanzp\u00e4dagogin und Choreografin (Konservatorium Wien Privatuniversit\u00e4t)<br \/>\nstaatliche Lehrbef\u00e4higung<br \/>\nProfessional Diploma in Dance Studies am Laban Centre London<\/p>\n<p>zahlreiche Auff\u00fchrungen mit eigenen Tanztheaterproduktionen f\u00fcr Erwachsene und Kinder im In- und Ausland<br \/>\nK\u00fcnstlerische Gestaltung und Leitung der Veranstaltungsreihe Tanzparenz 1,2,3<br \/>\nsowie mythos modern im KosmosTheater Wien<\/p>\n<p>t\u00e4nzerische Lehrt\u00e4tigkeit f\u00fcr Kinder aller Altersstufen und Erwachsene,<br \/>\nseit vielen Jahren Schul -und Kindergartenprojekte (u.a. Wiener S\u00e4ngerknaben, Projekte im Rahmen von KulturKontakt Austria\u2026.)<br \/>\nReferentin f\u00fcr das Institut f\u00fcr Bewegtes Lernen in Wiener Volksschulen und in der Lehrerfortbildung<br \/>\nMitglied im Vorstand der \u00d6sterreichischen Berufsvereinigung f\u00fcr Tanzp\u00e4dagogik<\/p>\n<p>Annemarie Papp lebt derzeit mit ihrer Familie als freischaffende Choreografin, T\u00e4nzerin und Tanzp\u00e4dagogin in St. Andr\u00e4 &#8211; W\u00f6rdern<\/p>\n","protected":false},"excerpt":{"rendered":"<p>in Wien geboren T\u00e4nzerin, Tanzp\u00e4dagogin und Choreografin (Konservatorium Wien Privatuniversit\u00e4t) staatliche Lehrbef\u00e4higung Professional Diploma in Dance Studies am Laban Centre London zahlreiche Auff\u00fchrungen mit eigenen Tanztheaterproduktionen f\u00fcr Erwachsene und Kinder im In- und Ausland K\u00fcnstlerische Gestaltung und Leitung der Veranstaltungsreihe Tanzparenz 1,2,3 sowie mythos modern im KosmosTheater Wien t\u00e4nzerische Lehrt\u00e4tigkeit f\u00fcr Kinder aller Altersstufen und &hellip; <a href=\"https:\/\/www.papp-tanz.at\/?page_id=2\" class=\"more-link\"><span class=\"screen-reader-text\">Lebenslauf Annemarie Papp<\/span> weiterlesen <span class=\"meta-nav\">&rarr;<\/span><\/a><\/p>\n","protected":false},"author":1,"featured_media":0,"parent":69,"menu_order":0,"comment_status":"closed","ping_status":"closed","template":"","meta":{"footnotes":""},"class_list":["post-2","page","type-page","status-publish","hentry"],"_links":{"self":[{"href":"https:\/\/www.papp-tanz.at\/index.php?rest_route=\/wp\/v2\/pages\/2","targetHints":{"allow":["GET"]}}],"collection":[{"href":"https:\/\/www.papp-tanz.at\/index.php?rest_route=\/wp\/v2\/pages"}],"about":[{"href":"https:\/\/www.papp-tanz.at\/index.php?rest_route=\/wp\/v2\/types\/page"}],"author":[{"embeddable":true,"href":"https:\/\/www.papp-tanz.at\/index.php?rest_route=\/wp\/v2\/users\/1"}],"replies":[{"embeddable":true,"href":"https:\/\/www.papp-tanz.at\/index.php?rest_route=%2Fwp%2Fv2%2Fcomments&post=2"}],"version-history":[{"count":11,"href":"https:\/\/www.papp-tanz.at\/index.php?rest_route=\/wp\/v2\/pages\/2\/revisions"}],"predecessor-version":[{"id":482,"href":"https:\/\/www.papp-tanz.at\/index.php?rest_route=\/wp\/v2\/pages\/2\/revisions\/482"}],"up":[{"embeddable":true,"href":"https:\/\/www.papp-tanz.at\/index.php?rest_route=\/wp\/v2\/pages\/69"}],"wp:attachment":[{"href":"https:\/\/www.papp-tanz.at\/index.php?rest_route=%2Fwp%2Fv2%2Fmedia&parent=2"}],"curies":[{"name":"wp","href":"https:\/\/api.w.org\/{rel}","templated":true}]}}